{"id":5,"date":"2017-08-21T12:26:05","date_gmt":"2017-08-21T12:26:05","guid":{"rendered":"http:\/\/photo.jose-marcio.org\/gallery\/?page_id=5"},"modified":"2018-05-04T08:09:35","modified_gmt":"2018-05-04T06:09:35","slug":"about","status":"publish","type":"page","link":"https:\/\/photo.jose-marcio.org\/gallery\/index.php\/about\/","title":{"rendered":"A propos&#8230;"},"content":{"rendered":"<p style=\"text-align:justify;\">Dans ma vie professionnelle je travaille en informatique&#8230; La photographie est un moyen d&rsquo;\u00e9quilibrer mon activit\u00e9 plut\u00f4t scientifique avec un contenu artistique et, donc, humaniste. C&rsquo;est la photo, mais \u00e7a aurait pu \u00eatre la peinture, le dessin, &#8230;<\/p>\n<p style=\"text-align:justify;\">Ma d\u00e9marche est soit une recherche esth\u00e9tique soit une recherche d&rsquo;une \u00e9motion, d&rsquo;une sourire, d&rsquo;une communication avec le sujet photographi\u00e9.<\/p>\n<p style=\"text-align:justify;\">La recherche esth\u00e9tique m&rsquo;aide \u00e0 voir de la beaut\u00e9 dans le banal, l\u00e0 o\u00f9 on ne l&rsquo;attend pas. La beaut\u00e9 est partout, ou presque, mais il faut apprendre \u00e0 la trouver : c&rsquo;est souvent une question de regard.<\/p>\n<p style=\"text-align:justify;\">Un ami m&rsquo;a dit : <em>\u00ab\u00a0&#8230;ta fa\u00e7on de voler un peu de l&rsquo;intime des personnes, en restant \u00e0<\/em> distance&#8230;\u00a0\u00bb. Il a raison : je suis souvent trop timide pour leur demander et, en m\u00eame temps, je veux du naturel. Ces instants vol\u00e9s sont un cadeau pour moi, puisqu&rsquo;ils me permettent d&rsquo;appr\u00e9hender et de comprendre le prochain et, parfois, de partager discr\u00e8tement et respectueusement des instants de joie ou de tristesse.<\/p>\n<p style=\"text-align:justify;\">Avec ces deux approches combin\u00e9es, je cherche \u00e0 faire appara\u00eetre ce que les gens ont de plus beau.<\/p>\n<p style=\"text-align:justify;\">\nAlors&#8230; et l&rsquo;informatique l\u00e0 dessus ? Eh bien&#8230; \u00e7a ne m&rsquo;int\u00e9resse pas. Je connais tr\u00e8s peu, et j&rsquo;utilise autant, les possibilit\u00e9s des boitiers &#8211; 1 % ou moins&#8230; Pour dire la v\u00e9rit\u00e9, j&rsquo;utilise mon boitier comme si c&rsquo;\u00e9tait un boitier argentique des ann\u00e9es 80 (mon Nikon FA ou FM&#8230;), plus un autofocus, plus la possibilit\u00e9 de voir la photo que je viens de prendre. Je n&rsquo;ai pas envie, ni la t\u00eate, pour comprendre tous les r\u00e9glages possibles d&rsquo;un appareil pour pouvoir prendre une bonne photo.<\/p>\n<p style=\"text-align:justify;\">\nEt des trucs du genre <em>photoshop<\/em> ? Je ne pense m\u00eame pas !!! La photo pour moi, celle que je fais, est une affaire entre moi et ce que je vois. Si ma photo est bonne, il ne faut pas que le m\u00e9rite revienne \u00e0 l&rsquo;informatique ou \u00e0 des gadgets technologiques. Cela ne veut pas dire que je n&rsquo;appr\u00e9cie pas les images manipul\u00e9es &#8211; il y a des photos int\u00e9ressantes, mais ce n&rsquo;est pas ce que j&rsquo;ai envie de faire, moi m\u00eame.<\/p>\n","protected":false},"excerpt":{"rendered":"<p>Dans ma vie professionnelle je travaille en informatique&#8230; La photographie est un moyen d&rsquo;\u00e9quilibrer mon activit\u00e9 plut\u00f4t scientifique avec un<\/p>\n","protected":false},"author":1,"featured_media":0,"parent":0,"menu_order":0,"comment_status":"closed","ping_status":"closed","template":"","meta":{"footnotes":""},"class_list":["post-5","page","type-page","status-publish","hentry","comments-off"],"post_mailing_queue_ids":[],"_links":{"self":[{"href":"https:\/\/photo.jose-marcio.org\/gallery\/index.php\/wp-json\/wp\/v2\/pages\/5","targetHints":{"allow":["GET"]}}],"collection":[{"href":"https:\/\/photo.jose-marcio.org\/gallery\/index.php\/wp-json\/wp\/v2\/pages"}],"about":[{"href":"https:\/\/photo.jose-marcio.org\/gallery\/index.php\/wp-json\/wp\/v2\/types\/page"}],"author":[{"embeddable":true,"href":"https:\/\/photo.jose-marcio.org\/gallery\/index.php\/wp-json\/wp\/v2\/users\/1"}],"replies":[{"embeddable":true,"href":"https:\/\/photo.jose-marcio.org\/gallery\/index.php\/wp-json\/wp\/v2\/comments?post=5"}],"version-history":[{"count":0,"href":"https:\/\/photo.jose-marcio.org\/gallery\/index.php\/wp-json\/wp\/v2\/pages\/5\/revisions"}],"wp:attachment":[{"href":"https:\/\/photo.jose-marcio.org\/gallery\/index.php\/wp-json\/wp\/v2\/media?parent=5"}],"curies":[{"name":"wp","href":"https:\/\/api.w.org\/{rel}","templated":true}]}}